{"id":3906,"date":"2021-08-31T11:02:28","date_gmt":"2021-08-31T10:02:28","guid":{"rendered":"http:\/\/www.labecassiere.ch\/?page_id=3906"},"modified":"2021-08-31T11:04:44","modified_gmt":"2021-08-31T10:04:44","slug":"journee-des-fleurs-du-samedi-21-aout-2021","status":"publish","type":"page","link":"http:\/\/www.labecassiere.ch\/?page_id=3906","title":{"rendered":"Journ\u00e9e des fleurs du samedi 21 ao\u00fbt 2021"},"content":{"rendered":"<p>Journ\u00e9e des fleurs du samedi 21 ao\u00fbt 2021<\/p>\n<p>&nbsp;<\/p>\n<div\n\tclass=\"ngg-galleryoverview ngg-ajax-pagination-none\"\n\tid=\"ngg-gallery-6ead405302418ac442849030d71a91fa-1\">\n\n    \t<div class=\"slideshowlink\">\n        <a href='http:\/\/www.labecassiere.ch\/index.php\/nggallery\/slideshow?page_id=3906'>&#091; Diaporama&#093;<\/a>\n\t\t\n\t<\/div>\n\t\t\t<!-- Thumbnails -->\n\t\t\t\t<div id=\"ngg-image-0\" class=\"ngg-gallery-thumbnail-box\" >\n\t\t\t\t        <div class=\"ngg-gallery-thumbnail\">\n            <a href=\"http:\/\/www.labecassiere.ch\/wp-content\/gallery\/journee-des-fleurs-du-samedi-21-aout-2021\/WhatsApp-Image-2021-08-28-at-17.05.05.jpeg\"\n               title=\"\"\n               data-src=\"http:\/\/www.labecassiere.ch\/wp-content\/gallery\/journee-des-fleurs-du-samedi-21-aout-2021\/WhatsApp-Image-2021-08-28-at-17.05.05.jpeg\"\n               data-thumbnail=\"http:\/\/www.labecassiere.ch\/wp-content\/gallery\/journee-des-fleurs-du-samedi-21-aout-2021\/thumbs\/thumbs_WhatsApp-Image-2021-08-28-at-17.05.05.jpeg\"\n               data-image-id=\"1725\"\n               data-title=\"1\"\n               data-description=\"\"\n               data-image-slug=\"whatsapp-image-2021-08-28-at-17-05-05\"\n               class='use_imagebrowser_effect' data-imagebrowser-url='http:\/\/www.labecassiere.ch\/index.php\/nggallery\/image\/%STUB%?page_id=3906'>\n                <img\n                    title=\"1\"\n                    alt=\"1\"\n                    src=\"http:\/\/www.labecassiere.ch\/wp-content\/gallery\/journee-des-fleurs-du-samedi-21-aout-2021\/thumbs\/thumbs_WhatsApp-Image-2021-08-28-at-17.05.05.jpeg\"\n                    width=\"100\"\n                    height=\"75\"\n                    style=\"max-width:100%;\"\n                \/>\n            <\/a>\n        <\/div>\n\t\t\t\t\t\t\t<\/div> \n\t\t\t\n        \n\t\t\t\t<div id=\"ngg-image-1\" class=\"ngg-gallery-thumbnail-box\" >\n\t\t\t\t        <div class=\"ngg-gallery-thumbnail\">\n            <a href=\"http:\/\/www.labecassiere.ch\/wp-content\/gallery\/journee-des-fleurs-du-samedi-21-aout-2021\/WhatsApp-Image-2021-08-28-at-17.05.06.jpeg\"\n               title=\"\"\n               data-src=\"http:\/\/www.labecassiere.ch\/wp-content\/gallery\/journee-des-fleurs-du-samedi-21-aout-2021\/WhatsApp-Image-2021-08-28-at-17.05.06.jpeg\"\n               data-thumbnail=\"http:\/\/www.labecassiere.ch\/wp-content\/gallery\/journee-des-fleurs-du-samedi-21-aout-2021\/thumbs\/thumbs_WhatsApp-Image-2021-08-28-at-17.05.06.jpeg\"\n               data-image-id=\"1726\"\n               data-title=\"2\"\n               data-description=\"\"\n               data-image-slug=\"whatsapp-image-2021-08-28-at-17-05-06\"\n               class='use_imagebrowser_effect' data-imagebrowser-url='http:\/\/www.labecassiere.ch\/index.php\/nggallery\/image\/%STUB%?page_id=3906'>\n                <img\n                    title=\"2\"\n                    alt=\"2\"\n                    src=\"http:\/\/www.labecassiere.ch\/wp-content\/gallery\/journee-des-fleurs-du-samedi-21-aout-2021\/thumbs\/thumbs_WhatsApp-Image-2021-08-28-at-17.05.06.jpeg\"\n                    width=\"100\"\n                    height=\"75\"\n                    style=\"max-width:100%;\"\n                \/>\n            <\/a>\n        <\/div>\n\t\t\t\t\t\t\t<\/div> \n\t\t\t\n        \n\t\t\t\t<div id=\"ngg-image-2\" class=\"ngg-gallery-thumbnail-box\" >\n\t\t\t\t        <div class=\"ngg-gallery-thumbnail\">\n            <a href=\"http:\/\/www.labecassiere.ch\/wp-content\/gallery\/journee-des-fleurs-du-samedi-21-aout-2021\/WhatsApp-Image-2021-08-28-at-17.05.07-1.jpeg\"\n               title=\"\"\n               data-src=\"http:\/\/www.labecassiere.ch\/wp-content\/gallery\/journee-des-fleurs-du-samedi-21-aout-2021\/WhatsApp-Image-2021-08-28-at-17.05.07-1.jpeg\"\n               data-thumbnail=\"http:\/\/www.labecassiere.ch\/wp-content\/gallery\/journee-des-fleurs-du-samedi-21-aout-2021\/thumbs\/thumbs_WhatsApp-Image-2021-08-28-at-17.05.07-1.jpeg\"\n               data-image-id=\"1727\"\n               data-title=\"3\"\n               data-description=\"\"\n               data-image-slug=\"whatsapp-image-2021-08-28-at-17-05-07-1\"\n               class='use_imagebrowser_effect' data-imagebrowser-url='http:\/\/www.labecassiere.ch\/index.php\/nggallery\/image\/%STUB%?page_id=3906'>\n                <img\n                    title=\"3\"\n                    alt=\"3\"\n                    src=\"http:\/\/www.labecassiere.ch\/wp-content\/gallery\/journee-des-fleurs-du-samedi-21-aout-2021\/thumbs\/thumbs_WhatsApp-Image-2021-08-28-at-17.05.07-1.jpeg\"\n                    width=\"100\"\n                    height=\"75\"\n                    style=\"max-width:100%;\"\n                \/>\n            <\/a>\n        <\/div>\n\t\t\t\t\t\t\t<\/div> \n\t\t\t\n        \n\t\t\t\t<div id=\"ngg-image-3\" class=\"ngg-gallery-thumbnail-box\" >\n\t\t\t\t        <div class=\"ngg-gallery-thumbnail\">\n            <a href=\"http:\/\/www.labecassiere.ch\/wp-content\/gallery\/journee-des-fleurs-du-samedi-21-aout-2021\/WhatsApp-Image-2021-08-28-at-17.05.07-3.jpeg\"\n               title=\"\"\n               data-src=\"http:\/\/www.labecassiere.ch\/wp-content\/gallery\/journee-des-fleurs-du-samedi-21-aout-2021\/WhatsApp-Image-2021-08-28-at-17.05.07-3.jpeg\"\n               data-thumbnail=\"http:\/\/www.labecassiere.ch\/wp-content\/gallery\/journee-des-fleurs-du-samedi-21-aout-2021\/thumbs\/thumbs_WhatsApp-Image-2021-08-28-at-17.05.07-3.jpeg\"\n               data-image-id=\"1729\"\n               data-title=\"4\"\n               data-description=\"\"\n               data-image-slug=\"whatsapp-image-2021-08-28-at-17-05-07-3\"\n               class='use_imagebrowser_effect' data-imagebrowser-url='http:\/\/www.labecassiere.ch\/index.php\/nggallery\/image\/%STUB%?page_id=3906'>\n                <img\n                    title=\"4\"\n                    alt=\"4\"\n                    src=\"http:\/\/www.labecassiere.ch\/wp-content\/gallery\/journee-des-fleurs-du-samedi-21-aout-2021\/thumbs\/thumbs_WhatsApp-Image-2021-08-28-at-17.05.07-3.jpeg\"\n                    width=\"100\"\n                    height=\"75\"\n                    style=\"max-width:100%;\"\n                \/>\n            <\/a>\n        <\/div>\n\t\t\t\t\t\t\t<\/div> \n\t\t\t\n        \n\t\t\t\t<div id=\"ngg-image-4\" class=\"ngg-gallery-thumbnail-box\" >\n\t\t\t\t        <div class=\"ngg-gallery-thumbnail\">\n            <a href=\"http:\/\/www.labecassiere.ch\/wp-content\/gallery\/journee-des-fleurs-du-samedi-21-aout-2021\/WhatsApp-Image-2021-08-28-at-17.05.08-1.jpeg\"\n               title=\"\"\n               data-src=\"http:\/\/www.labecassiere.ch\/wp-content\/gallery\/journee-des-fleurs-du-samedi-21-aout-2021\/WhatsApp-Image-2021-08-28-at-17.05.08-1.jpeg\"\n               data-thumbnail=\"http:\/\/www.labecassiere.ch\/wp-content\/gallery\/journee-des-fleurs-du-samedi-21-aout-2021\/thumbs\/thumbs_WhatsApp-Image-2021-08-28-at-17.05.08-1.jpeg\"\n               data-image-id=\"1731\"\n               data-title=\"5\"\n               data-description=\"\"\n               data-image-slug=\"whatsapp-image-2021-08-28-at-17-05-08-1\"\n               class='use_imagebrowser_effect' data-imagebrowser-url='http:\/\/www.labecassiere.ch\/index.php\/nggallery\/image\/%STUB%?page_id=3906'>\n                <img\n                    title=\"5\"\n                    alt=\"5\"\n                    src=\"http:\/\/www.labecassiere.ch\/wp-content\/gallery\/journee-des-fleurs-du-samedi-21-aout-2021\/thumbs\/thumbs_WhatsApp-Image-2021-08-28-at-17.05.08-1.jpeg\"\n                    width=\"100\"\n                    height=\"75\"\n                    style=\"max-width:100%;\"\n                \/>\n            <\/a>\n        <\/div>\n\t\t\t\t\t\t\t<\/div> \n\t\t\t\n        \n\t\t\t\t<div id=\"ngg-image-5\" class=\"ngg-gallery-thumbnail-box\" >\n\t\t\t\t        <div class=\"ngg-gallery-thumbnail\">\n            <a href=\"http:\/\/www.labecassiere.ch\/wp-content\/gallery\/journee-des-fleurs-du-samedi-21-aout-2021\/WhatsApp-Image-2021-08-28-at-17.05.08.jpeg\"\n               title=\"\"\n               data-src=\"http:\/\/www.labecassiere.ch\/wp-content\/gallery\/journee-des-fleurs-du-samedi-21-aout-2021\/WhatsApp-Image-2021-08-28-at-17.05.08.jpeg\"\n               data-thumbnail=\"http:\/\/www.labecassiere.ch\/wp-content\/gallery\/journee-des-fleurs-du-samedi-21-aout-2021\/thumbs\/thumbs_WhatsApp-Image-2021-08-28-at-17.05.08.jpeg\"\n               data-image-id=\"1732\"\n               data-title=\"6\"\n               data-description=\"\"\n               data-image-slug=\"whatsapp-image-2021-08-28-at-17-05-08-2\"\n               class='use_imagebrowser_effect' data-imagebrowser-url='http:\/\/www.labecassiere.ch\/index.php\/nggallery\/image\/%STUB%?page_id=3906'>\n                <img\n                    title=\"6\"\n                    alt=\"6\"\n                    src=\"http:\/\/www.labecassiere.ch\/wp-content\/gallery\/journee-des-fleurs-du-samedi-21-aout-2021\/thumbs\/thumbs_WhatsApp-Image-2021-08-28-at-17.05.08.jpeg\"\n                    width=\"100\"\n                    height=\"75\"\n                    style=\"max-width:100%;\"\n                \/>\n            <\/a>\n        <\/div>\n\t\t\t\t\t\t\t<\/div> \n\t\t\t\n        \n\t\t\t\t<div id=\"ngg-image-6\" class=\"ngg-gallery-thumbnail-box\" >\n\t\t\t\t        <div class=\"ngg-gallery-thumbnail\">\n            <a href=\"http:\/\/www.labecassiere.ch\/wp-content\/gallery\/journee-des-fleurs-du-samedi-21-aout-2021\/WhatsApp-Image-2021-08-28-at-17.05.09.jpeg\"\n               title=\"\"\n               data-src=\"http:\/\/www.labecassiere.ch\/wp-content\/gallery\/journee-des-fleurs-du-samedi-21-aout-2021\/WhatsApp-Image-2021-08-28-at-17.05.09.jpeg\"\n               data-thumbnail=\"http:\/\/www.labecassiere.ch\/wp-content\/gallery\/journee-des-fleurs-du-samedi-21-aout-2021\/thumbs\/thumbs_WhatsApp-Image-2021-08-28-at-17.05.09.jpeg\"\n               data-image-id=\"1733\"\n               data-title=\"7\"\n               data-description=\"\"\n               data-image-slug=\"whatsapp-image-2021-08-28-at-17-05-09\"\n               class='use_imagebrowser_effect' data-imagebrowser-url='http:\/\/www.labecassiere.ch\/index.php\/nggallery\/image\/%STUB%?page_id=3906'>\n                <img\n                    title=\"7\"\n                    alt=\"7\"\n                    src=\"http:\/\/www.labecassiere.ch\/wp-content\/gallery\/journee-des-fleurs-du-samedi-21-aout-2021\/thumbs\/thumbs_WhatsApp-Image-2021-08-28-at-17.05.09.jpeg\"\n                    width=\"100\"\n                    height=\"75\"\n                    style=\"max-width:100%;\"\n                \/>\n            <\/a>\n        <\/div>\n\t\t\t\t\t\t\t<\/div> \n\t\t\t\n        \n\t\t\n\t\t<!-- Pagination -->\n\t<div class='ngg-clear'><\/div>\t<\/div>\n\n","protected":false},"excerpt":{"rendered":"<p>Journ\u00e9e des fleurs du samedi 21 ao\u00fbt 2021 &nbsp; \u00a0\u00bb order_by=\u00a0\u00bbsortorder\u00a0\u00bb order_direction=\u00a0\u00bbASC\u00a0\u00bb returns=\u00a0\u00bbincluded\u00a0\u00bb maximum_entity_count=\u00a0\u00bb500&Prime;]<\/p>\n","protected":false},"author":1,"featured_media":0,"parent":0,"menu_order":0,"comment_status":"closed","ping_status":"closed","template":"","meta":[],"_links":{"self":[{"href":"http:\/\/www.labecassiere.ch\/index.php?rest_route=\/wp\/v2\/pages\/3906"}],"collection":[{"href":"http:\/\/www.labecassiere.ch\/index.php?rest_route=\/wp\/v2\/pages"}],"about":[{"href":"http:\/\/www.labecassiere.ch\/index.php?rest_route=\/wp\/v2\/types\/page"}],"author":[{"embeddable":true,"href":"http:\/\/www.labecassiere.ch\/index.php?rest_route=\/wp\/v2\/users\/1"}],"replies":[{"embeddable":true,"href":"http:\/\/www.labecassiere.ch\/index.php?rest_route=%2Fwp%2Fv2%2Fcomments&post=3906"}],"version-history":[{"count":2,"href":"http:\/\/www.labecassiere.ch\/index.php?rest_route=\/wp\/v2\/pages\/3906\/revisions"}],"predecessor-version":[{"id":3928,"href":"http:\/\/www.labecassiere.ch\/index.php?rest_route=\/wp\/v2\/pages\/3906\/revisions\/3928"}],"wp:attachment":[{"href":"http:\/\/www.labecassiere.ch\/index.php?rest_route=%2Fwp%2Fv2%2Fmedia&parent=3906"}],"curies":[{"name":"wp","href":"https:\/\/api.w.org\/{rel}","templated":true}]}}